{"id":71,"date":"2020-12-07T16:08:27","date_gmt":"2020-12-07T15:08:27","guid":{"rendered":"https:\/\/sgv-oberkirchen.de\/ver_01\/?page_id=71"},"modified":"2026-04-30T10:47:22","modified_gmt":"2026-04-30T08:47:22","slug":"aktuelles","status":"publish","type":"page","link":"https:\/\/sgv-oberkirchen.de\/ver_01\/aktuelles\/","title":{"rendered":"Aktuelles"},"content":{"rendered":"\n<h2 class=\"wp-block-heading\">E-Bike Training<\/h2>\n\n\n\n<p>Am Freitag, 29.5.26 , findet von 14 bis 17 Uhr ein E-Bike Training an der Grundschule in Oberkirchen statt. Frau Matthweis von der Polizei HSK leitet das Training mit einem Kollegen.<\/p>\n\n\n\n<p>Es sind Neueinsteiger und erfahrene Interessierte, Einheimische und G\u00e4ste eingeladen. Bitte ein eigenes EBike und einen Helm mitbringen. Eine Anmeldung ist nicht erforderlich, einfach kommen und mitmachen. Die Teilnahme ist <strong>kostenlos<\/strong>, Getr\u00e4nke stehen zur Verf\u00fcgung.<\/p>\n\n\n\n<p>Der SGV w\u00fcnscht sich viele gut gelaunte E-Bike Fahrer:innen, die ihr K\u00f6nnen erweitern wollen und Spa\u00df an dem Drau\u00dfensport haben.<\/p>\n\n\n\n<blockquote class=\"wp-block-quote is-layout-flow wp-block-quote-is-layout-flow\">\n<p><\/p>\n<\/blockquote>\n\n\n\n<hr class=\"wp-block-separator has-alpha-channel-opacity\"\/>\n\n\n\n<h2 class=\"wp-block-heading\">Maiwanderung<\/h2>\n\n\n\n<p>Wir treffen uns am Freitag 1. Mai um 09.00 Uhr an Sch\u00fctten Br\u00fccke.<br>Die Wanderung f\u00fchrt zum Wilzenberg-Turm und dann weiter zur Deimanns-Knollenh\u00fctte.<br>Hier werden wir eine Mittagsrast mit K\u00e4se-Lauchcreme-Suppe und einem<br>Vesperbrett einlegen.<br>Bis Deimanns H\u00fctte sind es 10 km.<br>Die R\u00fccktour wird uns durch den Knollensteinbruch, \u00fcber das Wei\u00dfe Kreuz und den oberen Hardtweg mit sch\u00f6ner Aussicht auf Niedersorpe und Oberkirchen zur\u00fcck nach Oberkirchen f\u00fchren.<br>Wir werden also insgesamt 15 km wandern.<br>Wanderf\u00fchrer ist Andre Mergheim.<\/p>\n\n\n\n<p>Auf wanderfreudige Mitwanderer freut sich die SGV-Abteilung Oberkirchen.<\/p>\n\n\n\n<hr class=\"wp-block-separator has-alpha-channel-opacity\"\/>\n\n\n\n<h2 class=\"wp-block-heading\">Oster Familien-Wanderung<\/h2>\n\n\n\n<p>Am 10.4.2026 findet unsere diesj\u00e4hrige Familienwanderung statt. Wir erkunden dabei den Osterwanderweg in Sellinghausen.<\/p>\n\n\n\n<p>Hier warten viele kreative Bewegungsstationen rund um die Osterzeit. Ob wir den Osterhasen und seine Helfer noch finden? Sicher haben sie f\u00fcr unsere wanderfreudigen Kinder noch etwas versteckt.<\/p>\n\n\n\n<p>Wir treffen uns um 14.45 Uhr an der Sparkasse in Oberkirchen und fahren in Fahrgemeinschaften nach Sellinghausen. Eine Einkehr nach unserer Wanderung ist in der Bergmannsh\u00fctte oder alternativ im Hotel Stockhausen geplant.<\/p>\n\n\n\n<p>Wir wandern auf gut ausgebauten Wegen, der auch Kinder- oder Bollerwagen tauglich ist. Um zu planen meldet euch bitte an bei D\u00f6rte Pape unter 0160 9772 5678 ( auch WhatsApp) .<\/p>\n\n\n\n<p>Wir freuen uns auf viele Familien, auch G\u00e4ste sind herzlich willkommen.<\/p>\n\n\n<div class=\"wp-block-image\">\n<figure class=\"aligncenter size-full is-resized\"><img loading=\"lazy\" decoding=\"async\" width=\"549\" height=\"590\" src=\"https:\/\/sgv-oberkirchen.de\/ver_01\/wp-content\/uploads\/2026\/03\/osterwanderung1.jpg\" alt=\"\" class=\"wp-image-818\" style=\"width:549px;height:auto\" srcset=\"https:\/\/sgv-oberkirchen.de\/ver_01\/wp-content\/uploads\/2026\/03\/osterwanderung1.jpg 549w, https:\/\/sgv-oberkirchen.de\/ver_01\/wp-content\/uploads\/2026\/03\/osterwanderung1-279x300.jpg 279w\" sizes=\"auto, (max-width: 549px) 100vw, 549px\" \/><\/figure><\/div>\n\n<div class=\"wp-block-image\">\n<figure class=\"aligncenter size-large is-resized\"><img loading=\"lazy\" decoding=\"async\" width=\"783\" height=\"1024\" src=\"https:\/\/sgv-oberkirchen.de\/ver_01\/wp-content\/uploads\/2026\/03\/osterwanderung2-783x1024.jpg\" alt=\"\" class=\"wp-image-821\" style=\"width:547px;height:auto\" srcset=\"https:\/\/sgv-oberkirchen.de\/ver_01\/wp-content\/uploads\/2026\/03\/osterwanderung2-783x1024.jpg 783w, https:\/\/sgv-oberkirchen.de\/ver_01\/wp-content\/uploads\/2026\/03\/osterwanderung2-229x300.jpg 229w, https:\/\/sgv-oberkirchen.de\/ver_01\/wp-content\/uploads\/2026\/03\/osterwanderung2-768x1004.jpg 768w, https:\/\/sgv-oberkirchen.de\/ver_01\/wp-content\/uploads\/2026\/03\/osterwanderung2.jpg 800w\" sizes=\"auto, (max-width: 783px) 100vw, 783px\" \/><\/figure><\/div>\n\n<div class=\"wp-block-image\">\n<figure class=\"aligncenter size-large is-resized\"><img loading=\"lazy\" decoding=\"async\" width=\"792\" height=\"1024\" src=\"https:\/\/sgv-oberkirchen.de\/ver_01\/wp-content\/uploads\/2026\/03\/osterwanderung_3-792x1024.jpg\" alt=\"\" class=\"wp-image-823\" style=\"width:548px;height:auto\" srcset=\"https:\/\/sgv-oberkirchen.de\/ver_01\/wp-content\/uploads\/2026\/03\/osterwanderung_3-792x1024.jpg 792w, https:\/\/sgv-oberkirchen.de\/ver_01\/wp-content\/uploads\/2026\/03\/osterwanderung_3-232x300.jpg 232w, https:\/\/sgv-oberkirchen.de\/ver_01\/wp-content\/uploads\/2026\/03\/osterwanderung_3-768x993.jpg 768w, https:\/\/sgv-oberkirchen.de\/ver_01\/wp-content\/uploads\/2026\/03\/osterwanderung_3.jpg 800w\" sizes=\"auto, (max-width: 792px) 100vw, 792px\" \/><\/figure><\/div>\n\n\n<hr class=\"wp-block-separator has-alpha-channel-opacity\"\/>\n\n\n\n<h2 class=\"wp-block-heading\">Saisonauftakt Wanderung<\/h2>\n\n\n\n<p>Am 22. M\u00e4rz er\u00f6ffnen wir die Wandersaison 2026 mit einer Fr\u00fchjahrswanderung nach Schanze.<\/p>\n\n\n\n<p>Am Treffpunkt Sch\u00fctten Br\u00fccke begr\u00fc\u00dft euch um 14 Uhr die Wanderf\u00fchrerin D\u00f6rte Pape und startet die Tour \u00fcber den Lingelscheid zum Birkenplatz, weiter zum Holzplatz bis auf die H\u00f6he zum Siegelskopf.<\/p>\n\n\n\n<p>Unterwegs genie\u00dfen wir verschiedene Aussichtspunkte \u00fcber die Sommerseite und das Naturschutzgebiet, auf der anderen Seite \u00fcber Oberkirchen und das obere Lennetal. Auf dem weiteren Weg treffen wir auf den Grenzweg zwischen Schmallenberg und Bad Berleburg und wandern durch das Rothaarsteigportal nach Schanze.<\/p>\n\n\n\n<p>Nach einer Pause und Gelegenheit zur Verpflegung wandern wir \u00fcber den Handweiser und Almerter Pl\u00e4tze zur\u00fcck nach Oberkirchen. Wir haben dann ca 13 Km und 300 H\u00f6henmeter geschafft und eine wundersch\u00f6ne Wanderung in der Gemeinschaft erlebt.<\/p>\n\n\n\n<p>Wir freuen uns auf fr\u00f6hliche Wanderer. Hunde m\u00fcssen w\u00e4hrend der Wanderung an der Leine gef\u00fchrt werden. Frisch auf!<\/p>\n\n\n<div class=\"wp-block-image\">\n<figure class=\"aligncenter size-full\"><img loading=\"lazy\" decoding=\"async\" width=\"517\" height=\"584\" src=\"https:\/\/sgv-oberkirchen.de\/ver_01\/wp-content\/uploads\/2026\/03\/Saisonauftakt_2026.jpg\" alt=\"\" class=\"wp-image-805\" srcset=\"https:\/\/sgv-oberkirchen.de\/ver_01\/wp-content\/uploads\/2026\/03\/Saisonauftakt_2026.jpg 517w, https:\/\/sgv-oberkirchen.de\/ver_01\/wp-content\/uploads\/2026\/03\/Saisonauftakt_2026-266x300.jpg 266w\" sizes=\"auto, (max-width: 517px) 100vw, 517px\" \/><\/figure><\/div>\n\n\n<blockquote class=\"wp-block-quote is-layout-flow wp-block-quote-is-layout-flow\">\n<blockquote class=\"wp-block-quote is-layout-flow wp-block-quote-is-layout-flow\">\n<p><\/p>\n<\/blockquote>\n<\/blockquote>\n\n\n\n<hr class=\"wp-block-separator has-alpha-channel-opacity\"\/>\n\n\n\n<h2 class=\"wp-block-heading\">Jahreshauptversammlung<\/h2>\n\n\n\n<p><strong>Samstag, 24. Januar 2026<\/strong> <strong>um 20:00 Uhr im Landhotel-Gasthof Sch\u00fctte<\/strong><\/p>\n\n\n\n<p>1. Begr\u00fc\u00dfung<\/p>\n\n\n\n<p><strong>&nbsp;&nbsp;&nbsp;&nbsp;&nbsp;&nbsp;&nbsp;&nbsp; <\/strong>a) Totengedenken<\/p>\n\n\n\n<p><strong>&nbsp;&nbsp;&nbsp;&nbsp;&nbsp;&nbsp;&nbsp;&nbsp;<\/strong> b) Ehrung der Jubilare<\/p>\n\n\n\n<p>2. T\u00e4tigkeits- und Wanderbericht 2025<\/p>\n\n\n\n<p>3. Finanzen<\/p>\n\n\n\n<p>&nbsp;&nbsp;&nbsp;&nbsp;&nbsp;&nbsp;&nbsp;&nbsp; a) Kassenbericht<\/p>\n\n\n\n<p>&nbsp;&nbsp;&nbsp;&nbsp;&nbsp;&nbsp;&nbsp;&nbsp; b) Kassenpr\u00fcfbericht \/ Kassenpr\u00fcferwahl<\/p>\n\n\n\n<p>&nbsp;&nbsp;&nbsp;&nbsp;&nbsp;&nbsp;&nbsp;&nbsp; c) Entlastung des Vorstandes<\/p>\n\n\n\n<p>4. Wahlen<\/p>\n\n\n\n<p>a) 1. Vorsitzender<\/p>\n\n\n\n<p>b) Kassenwart<\/p>\n\n\n\n<p>c) Wanderwart<\/p>\n\n\n\n<p>5. Veranstaltungen 2026<\/p>\n\n\n\n<p>&nbsp;&nbsp;&nbsp;&nbsp;&nbsp;&nbsp;&nbsp;&nbsp; a) Termine<\/p>\n\n\n\n<p>&nbsp;&nbsp;&nbsp;&nbsp;&nbsp;&nbsp;&nbsp;&nbsp; b) Wanderungen<\/p>\n\n\n\n<p>6. Arbeit 2026<\/p>\n\n\n\n<p>&nbsp;&nbsp;&nbsp;&nbsp;&nbsp;&nbsp;&nbsp;&nbsp; a) Wegemarkierung<\/p>\n\n\n\n<p>&nbsp;&nbsp;&nbsp;&nbsp;&nbsp;&nbsp;&nbsp;&nbsp; b) Unterhaltung der Ruheb\u00e4nke<\/p>\n\n\n\n<p>&nbsp;&nbsp;&nbsp;&nbsp;&nbsp;&nbsp;&nbsp;&nbsp; c) Unterhaltung, Reinigung und Kontrolle der Vogelnistk\u00e4sten<\/p>\n\n\n\n<p>&nbsp;&nbsp;&nbsp;&nbsp;&nbsp;&nbsp;&nbsp;&nbsp; d) \u2026<\/p>\n\n\n\n<p>7. Verschiedenes<\/p>\n\n\n\n<p> &nbsp;&nbsp;&nbsp;&nbsp;&nbsp;&nbsp;&nbsp;&nbsp; c) Gedenken an Ulrich Sch\u00fctte<\/p>\n\n\n\n<p><\/p>\n\n\n\n<p><\/p>\n\n\n\n<hr class=\"wp-block-separator has-alpha-channel-opacity\"\/>\n\n\n\n<h2 class=\"wp-block-heading\"><strong>Jahresabschlusswanderung 2025<\/strong><\/h2>\n\n\n\n<p>Am Samstag, den 25.10.25 laden wir alle Wanderfreunde zu unserer letzten Vereinswanderung in diesem Jahr ein.<\/p>\n\n\n\n<p>Wir treffen uns um 13:30 Uhr auf Sch\u00fctten Br\u00fccke. Es geht zum Gasthof Wulbeck nach Niedersorpe. Die Tour f\u00fchrt nach Winkhausen zur Kiefernh\u00fctte und weiter bis hoch in die L\u00fcttmecke bei Niedersorpe. Die Entfernung bis zum Gasthof Wulbeck betr\u00e4gt 7,1 km. Der R\u00fcckweg nach Oberkirchen hat eine L\u00e4nge von 3,0 km. <\/p>\n\n\n\n<p>Bitte die Stirnlampen nicht vergessen.&nbsp;<br>Wanderf\u00fchrer ist Willi Sch\u00fctte.<br>Wir freuen uns auf zahlreiche Mitwanderer.<\/p>\n\n\n\n<p><strong>G\u00e4ste sind wie immer herzlich willkommen<\/strong>!<\/p>\n\n\n\n<figure class=\"wp-block-image size-full is-resized\"><img loading=\"lazy\" decoding=\"async\" width=\"374\" height=\"249\" src=\"https:\/\/sgv-oberkirchen.de\/ver_01\/wp-content\/uploads\/2025\/10\/image.jpeg\" alt=\"\" class=\"wp-image-770\" style=\"width:720px;height:auto\" srcset=\"https:\/\/sgv-oberkirchen.de\/ver_01\/wp-content\/uploads\/2025\/10\/image.jpeg 374w, https:\/\/sgv-oberkirchen.de\/ver_01\/wp-content\/uploads\/2025\/10\/image-300x200.jpeg 300w, https:\/\/sgv-oberkirchen.de\/ver_01\/wp-content\/uploads\/2025\/10\/image-272x182.jpeg 272w\" sizes=\"auto, (max-width: 374px) 100vw, 374px\" \/><\/figure>\n\n\n\n<p><\/p>\n\n\n\n<hr class=\"wp-block-separator has-alpha-channel-opacity\"\/>\n\n\n\n<h2 class=\"wp-block-heading\"><strong><u>Einladung zum traditionellen Kartoffelbraten<\/u><\/strong><\/h2>\n\n\n\n<p>Das Kartoffelbraten findet dieses Jahr am <strong>Hermannsteich<\/strong> statt.<br><\/p>\n\n\n\n<p>Am Sonntag, 21. September 2025 sind alle Einheimischen und G\u00e4ste ab 14:30 Uhr herzlich willkommen. Traditionell bringen sich die Besucher ihre \u201eZutaten\u201c und das Besteck selbst mit.<\/p>\n\n\n\n<p><br>Es gibt Kartoffeln und Mettwurst aus der Buchenglut, dar\u00fcber hinaus bieten wir Kaffee, Kuchen, Waffeln und gek\u00fchlte Getr\u00e4nke an.<\/p>\n\n\n\n<p><br>Viel Spa\u00df w\u00fcnscht die SGV-Abt. Oberkirchen<\/p>\n\n\n\n<hr class=\"wp-block-separator has-alpha-channel-opacity\"\/>\n\n\n\n<h2 class=\"wp-block-heading\">\u00dc60 Wanderung<\/h2>\n\n\n\n<figure class=\"wp-block-image size-large\"><img loading=\"lazy\" decoding=\"async\" width=\"675\" height=\"1024\" src=\"https:\/\/sgv-oberkirchen.de\/ver_01\/wp-content\/uploads\/2025\/09\/image-675x1024.png\" alt=\"\" class=\"wp-image-761\" srcset=\"https:\/\/sgv-oberkirchen.de\/ver_01\/wp-content\/uploads\/2025\/09\/image-675x1024.png 675w, https:\/\/sgv-oberkirchen.de\/ver_01\/wp-content\/uploads\/2025\/09\/image-198x300.png 198w, https:\/\/sgv-oberkirchen.de\/ver_01\/wp-content\/uploads\/2025\/09\/image-768x1165.png 768w, https:\/\/sgv-oberkirchen.de\/ver_01\/wp-content\/uploads\/2025\/09\/image-1013x1536.png 1013w, https:\/\/sgv-oberkirchen.de\/ver_01\/wp-content\/uploads\/2025\/09\/image.png 1350w\" sizes=\"auto, (max-width: 675px) 100vw, 675px\" \/><\/figure>\n\n\n\n<p>Am Donnerstag, 18.09.25 findet unsere n\u00e4chste \u00dc60 Wanderung statt. Wir treffen uns um 14.00 Uhr an Sch\u00fctten Br\u00fccke. Die Wanderung f\u00fchrt uns von Oberkirchen \u00fcber Winkhausen auf den Wilzenberg. Zur\u00fcck wandern wir am &#8222;Blinker&#8220; vorbei nach Oberkirchen.<br>Eine Rast an der &#8222;P\u00fctte&#8220; mit Kaffee und Kuchen ist eingeplant. Die Wanderung hat eine L\u00e4nge von 10,5 km. 290 H\u00f6henmeter m\u00fcssen bew\u00e4ltigt werden. R\u00fcckkehr in Oberkirchen gegen 18.00 Uhr.<br>Wanderf\u00fchrerin ist D\u00f6rte Pape.<\/p>\n\n\n\n<p><\/p>\n\n\n\n<hr class=\"wp-block-separator has-alpha-channel-opacity\"\/>\n\n\n\n<h2 class=\"wp-block-heading\"><strong>Familiensternwanderung<\/strong><\/h2>\n\n\n\n<p>Die SGV Abteilung Oberkirchen nimmt am Sonntag, 31.08.25 an der Familiensternwanderung zur Schmallenberger Woche teil.<\/p>\n\n\n\n<p>Treffpunkt 11:15 Uhr auf Sch\u00fctten Br\u00fccke.<\/p>\n\n\n\n<p>Wir freuen uns \u00fcber viele Mitwanderer, egal ob gro\u00df oder klein, ob Vereinsmitglied oder nicht.<\/p>\n\n\n\n<p>Die Wanderung f\u00fchrt \u00fcber Almert-Grafschaft zum Schmalen Haus in Schmallenberg. Dort werden alle Mitwanderer mit k\u00fchlen Getr\u00e4nken versorgt und jeder bekommt ein kleines Pr\u00e4sent. <\/p>\n\n\n\n<p>Um 14:15 Uhr nehmen wir dann am Festumzug zum Sch\u00fctzenplatz teil.<\/p>\n\n\n\n<hr class=\"wp-block-separator has-alpha-channel-opacity\"\/>\n\n\n\n<h2 class=\"wp-block-heading\">\u00dc60 Wanderung<\/h2>\n\n\n\n<figure class=\"wp-block-image size-large\"><img loading=\"lazy\" decoding=\"async\" width=\"780\" height=\"1024\" src=\"https:\/\/sgv-oberkirchen.de\/ver_01\/wp-content\/uploads\/2025\/08\/PHOTO-2025-08-25-12-19-32-780x1024.jpg\" alt=\"\" class=\"wp-image-739\" srcset=\"https:\/\/sgv-oberkirchen.de\/ver_01\/wp-content\/uploads\/2025\/08\/PHOTO-2025-08-25-12-19-32-780x1024.jpg 780w, https:\/\/sgv-oberkirchen.de\/ver_01\/wp-content\/uploads\/2025\/08\/PHOTO-2025-08-25-12-19-32-228x300.jpg 228w, https:\/\/sgv-oberkirchen.de\/ver_01\/wp-content\/uploads\/2025\/08\/PHOTO-2025-08-25-12-19-32-768x1009.jpg 768w, https:\/\/sgv-oberkirchen.de\/ver_01\/wp-content\/uploads\/2025\/08\/PHOTO-2025-08-25-12-19-32-1169x1536.jpg 1169w, https:\/\/sgv-oberkirchen.de\/ver_01\/wp-content\/uploads\/2025\/08\/PHOTO-2025-08-25-12-19-32.jpg 1218w\" sizes=\"auto, (max-width: 780px) 100vw, 780px\" \/><\/figure>\n\n\n\n<p>Wir treffen uns am Donnerstag, 28.06.2025 um 14:00 Uhr an Sch\u00fctten-Br\u00fccke<br>Die Wanderung f\u00fchrt uns \u00fcber ca. 10 km nach Westfeld.<br>Einkehr im Caf\u00e9 Backes.<\/p>\n\n\n\n<hr class=\"wp-block-separator has-alpha-channel-opacity\"\/>\n\n\n\n<h2 class=\"wp-block-heading\">\u00dc60 Wanderung<\/h2>\n\n\n\n<figure class=\"wp-block-image size-large is-resized\"><img loading=\"lazy\" decoding=\"async\" width=\"769\" height=\"1024\" src=\"https:\/\/sgv-oberkirchen.de\/ver_01\/wp-content\/uploads\/2025\/06\/ue60wanderung21juni2025-769x1024.jpg\" alt=\"\" class=\"wp-image-729\" style=\"width:533px;height:auto\" srcset=\"https:\/\/sgv-oberkirchen.de\/ver_01\/wp-content\/uploads\/2025\/06\/ue60wanderung21juni2025-769x1024.jpg 769w, https:\/\/sgv-oberkirchen.de\/ver_01\/wp-content\/uploads\/2025\/06\/ue60wanderung21juni2025-225x300.jpg 225w, https:\/\/sgv-oberkirchen.de\/ver_01\/wp-content\/uploads\/2025\/06\/ue60wanderung21juni2025-768x1022.jpg 768w, https:\/\/sgv-oberkirchen.de\/ver_01\/wp-content\/uploads\/2025\/06\/ue60wanderung21juni2025-1154x1536.jpg 1154w, https:\/\/sgv-oberkirchen.de\/ver_01\/wp-content\/uploads\/2025\/06\/ue60wanderung21juni2025.jpg 1202w\" sizes=\"auto, (max-width: 769px) 100vw, 769px\" \/><\/figure>\n\n\n\n<p>Wir treffen uns am Samstag, 21.06.2025 um 13:30 Uhr an der Sparkasse Oberkirchen.<br>In Fahrgemeinschaften geht es nach Lenne.<br>Start der Wanderung in Lenne um 14 Uhr am Kirchplatz. Es geht nach Wulwesort, wo wir das Forstgut der Familie Hundertmark mit seinem Rhododendronpark besichtigen.<br>Die L\u00e4nge der Wanderung betr\u00e4gt ca. 9,5 km und nur 100 HM.<br>Nach der R\u00fcckkehr gegen 17:30 Uhr ist ein gemeinsamer Ausklang im Hotel Sch\u00fctte geplant.<\/p>\n\n\n\n<p>Unbedingt an gen\u00fcgend Wasser und Sonnenschutz denken!<\/p>\n\n\n\n<hr class=\"wp-block-separator has-alpha-channel-opacity\"\/>\n\n\n\n<h2 class=\"wp-block-heading\">Fr\u00fchwanderung<\/h2>\n\n\n\n<figure class=\"wp-block-image size-large is-resized\"><img loading=\"lazy\" decoding=\"async\" width=\"771\" height=\"1024\" src=\"https:\/\/sgv-oberkirchen.de\/ver_01\/wp-content\/uploads\/2025\/06\/fruehwanderung-771x1024.jpg\" alt=\"\" class=\"wp-image-724\" style=\"width:533px;height:auto\" srcset=\"https:\/\/sgv-oberkirchen.de\/ver_01\/wp-content\/uploads\/2025\/06\/fruehwanderung-771x1024.jpg 771w, https:\/\/sgv-oberkirchen.de\/ver_01\/wp-content\/uploads\/2025\/06\/fruehwanderung-226x300.jpg 226w, https:\/\/sgv-oberkirchen.de\/ver_01\/wp-content\/uploads\/2025\/06\/fruehwanderung-768x1020.jpg 768w, https:\/\/sgv-oberkirchen.de\/ver_01\/wp-content\/uploads\/2025\/06\/fruehwanderung-1157x1536.jpg 1157w, https:\/\/sgv-oberkirchen.de\/ver_01\/wp-content\/uploads\/2025\/06\/fruehwanderung.jpg 1542w\" sizes=\"auto, (max-width: 771px) 100vw, 771px\" \/><\/figure>\n\n\n\n<p>Wir treffen uns am Sonntag, 15.06.2025 um 07:00 Uhr an Sch\u00fctten Br\u00fccke.<br>In Fahrgemeinschaften geht es nach Arpe.<br>Unsere Wanderung f\u00fchrt durch das Hardtsiepen, Silberg und Keppel, Herschede, K\u00fcckelheim<br>und \u00fcber den Dornr\u00f6schenweg.<br>Die L\u00e4nge der Wanderung betr\u00e4gt 11,3 km.<br>Im Gasthof Voss in Arpe ist im Anschluss eine Einkehr geplant.<\/p>\n\n\n\n<hr class=\"wp-block-separator has-alpha-channel-opacity\"\/>\n\n\n\n<h1 class=\"wp-block-heading\">Maiwanderung<\/h1>\n\n\n\n<p>Unsere traditionelle Maiwanderung findet&nbsp; am 1.Mai statt.<\/p>\n\n\n\n<p>Wir treffen uns um 9:00 Uhr auf Sch\u00fcttenbr\u00fccke. Die Tour geht zun\u00e4chst \u00fcber Schwarzen H\u00f6lzchen, Lengenbeck&nbsp;bis Ohlenbach. Dort wird unsere Mittagseinkehr sein.<\/p>\n\n\n\n<p>Bis dahin haben wir schon ca.12 km&nbsp;hinter uns gebracht. Der R\u00fcckweg erfolgt auf verschiedenen Pfaden \u00fcber Westfeld zur\u00fcck nach Oberkirchen. Es kann zwischen den L\u00e4ngen 16 und 21 km gew\u00e4hlt werden.<\/p>\n\n\n\n<p>Alle G\u00e4ste und Einheimische sind dazu herzlich eingeladen diese entspannende Tour mitzumachen.<\/p>\n\n\n\n<hr class=\"wp-block-separator has-alpha-channel-opacity\"\/>\n\n\n\n<h1 class=\"wp-block-heading\"><strong>Einladung zur Fr\u00fchjahrswanderung<\/strong><\/h1>\n\n\n\n<p>Wir treffen uns am Sonntag, 30.03.2025 um 13:30 Uhr auf Sch\u00fctten-Br\u00fccke zur SGV-Fr\u00fchjahrswanderung.<br>Die Tour f\u00fchrt \u00fcber das Wei\u00dfe Kreuz nach Niedersorpe,&nbsp;&nbsp;von dort geht es dann am Burgberg entlang bis zum alten Sportplatz Holthausen und weiter zum Golfcafe in Winkhausen. Nach der verdienten Pause wandern wir zur\u00fcck nach Oberkirchen.<br>Die gesamte Strecke hat eine L\u00e4nge von 13 km. Die Entfernung bis zum Golfcafe betr\u00e4gt 9 km. Bei schlechtem Wetter wird die Strecke verk\u00fcrzt.<br>Alle, die gern gemeinsam wandern, sind willkommen.<br>Wanderf\u00fchrer ist Harald Clemens.<\/p>\n\n\n\n<hr class=\"wp-block-separator has-alpha-channel-opacity\"\/>\n\n\n\n<h1 class=\"wp-block-heading has-text-align-center\">J<strong>ahreshauptversammlung SGV-Abt. Oberkirchen<\/strong><\/h1>\n\n\n\n<h2 class=\"wp-block-heading has-text-align-center has-large-font-size\"><strong>Samstag, 25. Januar 202<\/strong>5 <strong>um 20:00 Uhr<\/strong><\/h2>\n\n\n\n<p class=\"has-text-align-center has-large-font-size\"><strong>Pastor-Schwenke-Haus<\/strong><\/p>\n\n\n\n<p class=\"has-text-align-center\">Tagesordnung<\/p>\n\n\n\n<p>1. Begr\u00fc\u00dfung<br>a) Totengedenken<br>b) Ehrung der Jubilare<\/p>\n\n\n\n<p>2. T\u00e4tigkeits- und Wanderbericht 2024<\/p>\n\n\n\n<p>3. Finanzen<br>a) Kassenbericht<br>b) Kassenpr\u00fcfbericht Kassenpr\u00fcferwahl <br>c) Entlastung des Vorstandes<\/p>\n\n\n\n<p>4. Veranstaltungen 2025 <br>a) Termin<br>b) Wanderungen<\/p>\n\n\n\n<p><\/p>\n\n\n\n<p>5. Arbeit 2025<br>a) Wegemarkierung<br>b) Unterhaltung der Ruheb\u00e4nke<br>c) Unterhaltung, Reinigung und Kontrolle der Vogelnistk\u00e4sten<br>d) &#8230;<\/p>\n\n\n\n<p>6. Verschiedenes <\/p>\n\n\n\n<p id=\"block-6c153a0a-2cb6-4b72-b9ca-60b45868d3c3\"><\/p>\n\n\n\n<hr class=\"wp-block-separator has-alpha-channel-opacity\"\/>\n\n\n\n<h2 class=\"wp-block-heading\" id=\"block-123460c0-6884-473a-9686-77e090c7fde7\">Einladung Abschlusswanderung 2024<\/h2>\n\n\n\n<p id=\"block-f971f252-fa98-4059-8cd0-11114aa87e56\">Wir treffen uns am Samstag, 26.10.2024 um 13.00 Uhr auf Sch\u00fctten Br\u00fccke.<br>Mit Fahrgemeinschaften fahren wir dann zum Start unserer Wanderung: Bergmannpfad in Sellinghausen<\/p>\n\n\n\n<p id=\"block-6c153a0a-2cb6-4b72-b9ca-60b45868d3c3\">Mitwandern kann jeder. Unser Wanderf\u00fchrer ist Harald Clemens<\/p>\n\n\n\n<hr class=\"wp-block-separator has-alpha-channel-opacity\"\/>\n\n\n\n<h2 class=\"wp-block-heading\">Einladung \u00dc60 Wanderung<\/h2>\n\n\n\n<p>Wir treffen uns am Donnerstag, 20. Juni um 14.00 Uhr auf Sch\u00fctten Br\u00fccke.<br>Mit dem Linienbus um 14:09 Uhr fahren wir bis nach Altastenberg. Von hier aus wandern wir dann \u00fcber Westfeld zur\u00fcck nach Oberkirchen. Unterwegs ist eine Einkehr geplant.<br>Die Tour hat eine L\u00e4nge von ca. 11 km. Wer nicht so weit laufen m\u00f6chte kann ab Westfeld (8 km) mit dem Linienbus zur\u00fcck nach Oberkirchen fahren.<\/p>\n\n\n\n<p>Mitwandern kann jeder.Unser Wanderf\u00fchrer ist Harald Clemens<\/p>\n\n\n\n<hr class=\"wp-block-separator has-alpha-channel-opacity\"\/>\n\n\n\n<h2 class=\"wp-block-heading\">Einladung Fr\u00fchwanderung<\/h2>\n\n\n\n<p>Sonntag, 16.06.2024 um 6:00 Uhr Treffen an Sch\u00fcttenbr\u00fccke.<\/p>\n\n\n\n<p>Wir treffen uns am Sonntag, 16. Juni um 06.00 Uhr an Sch\u00fctten Br\u00fccke. <\/p>\n\n\n\n<p>Mit privaten PKW fahren wir zur Diemelquelle bei Titmaringhausen.<\/p>\n\n\n\n<p>Die Wanderung f\u00fchrt \u00fcber D\u00fcdinghausen und die Kahle P\u00f6n bei Usseln bis zum Usseler Kreuz. An der Graf Stolberg H\u00fctte ist eine Einkehr geplant.<\/p>\n\n\n\n<p>Die Tour hat eine L\u00e4nge von 11,5 km und einen Aufstieg von 305 H\u00f6henmetern.<\/p>\n\n\n\n<p>Mitwandern kann jeder. Unser Wanderf\u00fchrer ist Andre Mergheim.<\/p>\n\n\n\n<p>Wir freuen uns auf eine rege Teilnahme!<\/p>\n\n\n\n<p>Euer SGV Team Oberkirchen<\/p>\n\n\n\n<hr class=\"wp-block-separator has-alpha-channel-opacity\"\/>\n\n\n\n<p><\/p>\n\n\n\n<h2 class=\"wp-block-heading\">1. Mai-Wanderung 2024<\/h2>\n\n\n\n<p>Mittwoch, 01.05.2024 um 9:30 Uhr Treffen an Sch\u00fcttenbr\u00fccke.<\/p>\n\n\n\n<p>Wir starten zu einer Rundwanderung \u00fcber Westfeld, Sch\u00fctten Jagdh\u00fctte. Hier Einkehr mit leckerem Spargeleintopf, dazu ein kleines Hacksteak.<\/p>\n\n\n\n<p>Die Wanderung hat eine L\u00e4nge von 22 km, eine k\u00fcrzere Variante von 17 km ist m\u00f6glich!<\/p>\n\n\n\n<p>Wir freuen uns auf eine rege Teilnahme!<\/p>\n\n\n\n<p>Euer SGV Team Oberkirchen<\/p>\n\n\n<div class=\"wp-block-image\">\n<figure class=\"aligncenter size-full is-resized\"><img loading=\"lazy\" decoding=\"async\" width=\"651\" height=\"925\" src=\"https:\/\/sgv-oberkirchen.de\/ver_01\/wp-content\/uploads\/2024\/04\/maiwanderung_2024.jpg\" alt=\"\" class=\"wp-image-611\" style=\"width:448px;height:637px\" srcset=\"https:\/\/sgv-oberkirchen.de\/ver_01\/wp-content\/uploads\/2024\/04\/maiwanderung_2024.jpg 651w, https:\/\/sgv-oberkirchen.de\/ver_01\/wp-content\/uploads\/2024\/04\/maiwanderung_2024-211x300.jpg 211w\" sizes=\"auto, (max-width: 651px) 100vw, 651px\" \/><\/figure><\/div>\n\n\n<hr class=\"wp-block-separator has-alpha-channel-opacity\"\/>\n\n\n\n<p><\/p>\n\n\n\n<h2 class=\"wp-block-heading has-text-align-center\"><strong>Jahreshauptversammlung SGV-Abt. Oberkirchen<\/strong><\/h2>\n\n\n\n<h2 class=\"wp-block-heading has-text-align-center\"><strong>Samstag, 27. Januar 2024<\/strong> <strong>um 20:00 Uhr im<\/strong><\/h2>\n\n\n\n<h2 class=\"wp-block-heading has-text-align-center\"><strong>Landhotel-Gasthof Sch\u00fctte<\/strong><\/h2>\n\n\n\n<div class=\"wp-block-group\"><div class=\"wp-block-group__inner-container is-layout-constrained wp-block-group-is-layout-constrained\">\n<p>Tagesordnung<\/p>\n\n\n\n<p><\/p>\n\n\n\n<ol class=\"wp-block-list\">\n<li>Begr\u00fc\u00dfung \n<ul class=\"wp-block-list\">\n<li>Totengedenken<\/li>\n\n\n\n<li>Ehrung der Jubilarinnen und Jubilare<\/li>\n<\/ul>\n<\/li>\n\n\n\n<li>T\u00e4tigkeit- und Wanderbericht<\/li>\n\n\n\n<li>Finanazen\n<ul class=\"wp-block-list\">\n<li>Kassenbericht<\/li>\n\n\n\n<li>Kassenpr\u00fcfbericht \/ Kassenp\u00fcferwahl<\/li>\n\n\n\n<li>Entlastung des Vorstandes<\/li>\n<\/ul>\n<\/li>\n\n\n\n<li>Wahlen\n<ul class=\"wp-block-list\">\n<li>Schriftf\u00fchrer*in<\/li>\n\n\n\n<li>Pressewart*in<\/li>\n\n\n\n<li>Wegemarkierer*in<\/li>\n\n\n\n<li>Vogelschutzwart*in<\/li>\n<\/ul>\n<\/li>\n\n\n\n<li>Veranstaltungen 2024\n<ul class=\"wp-block-list\">\n<li>Termine<\/li>\n\n\n\n<li>Wanderungen<\/li>\n<\/ul>\n<\/li>\n\n\n\n<li>Arbeit 2024\n<ul class=\"wp-block-list\">\n<li>Wegemarkierung<\/li>\n\n\n\n<li>Unterhalt der Ruheb\u00e4nke<\/li>\n\n\n\n<li>Unterhaltung, Reinigung und Kontrolle der Vogelnistk\u00e4sten und der Fledermaushotels<\/li>\n\n\n\n<li>&#8230;<\/li>\n<\/ul>\n<\/li>\n\n\n\n<li>Verschiedenes\n<ul class=\"wp-block-list\">\n<li>Vortrage Alpen\u00fcberquerung M\u00fcnchen &#8211; Venedig mit Hubertus Mergheim<\/li>\n\n\n\n<li>&#8230;<\/li>\n<\/ul>\n<\/li>\n<\/ol>\n<\/div><\/div>\n\n\n\n<hr class=\"wp-block-separator has-alpha-channel-opacity\"\/>\n\n\n\n<h2 class=\"wp-block-heading has-text-align-center\"><strong>Maiwanderung <\/strong>am 30.04.2023<\/h2>\n\n\n\n<p>Unsere traditionelle Maiwanderung findet bereits am Sonntag, 30. April statt.&nbsp;<\/p>\n\n\n\n<p>Das Treffen dazu ist um 9:30 Uhr&nbsp;<em>auf Sch\u00fcttenbr\u00fccke<\/em><\/p>\n\n\n\n<p>Die Tour geht zun\u00e4chst \u00fcber den Lingelscheid hinauf auf den Grenzweg. Vor dort aus zum Mittagsziel an der&nbsp;<strong>Hoheleyer-H\u00fctte<\/strong>. Bis dahin haben wir ca. 9km mit knapp 300 H\u00f6henmeter hinter uns gebracht.<\/p>\n\n\n\n<p>Der R\u00fcckweg erfolgt auf verschiedenen Pfaden \u00fcber der Ennest und Naturschutzgebiet \u201eSommerseite\u201c zur\u00fcck nach Oberkirchen.<\/p>\n\n\n\n<p><\/p>\n\n\n\n<hr class=\"wp-block-separator has-alpha-channel-opacity\"\/>\n\n\n\n<h2 class=\"wp-block-heading has-text-align-center\"><br><strong>Fr\u00fchjahrswandertage von Samstag, den&nbsp;13.05.2023 bis Mittwoch, den 17.05.2023<\/strong><\/h2>\n\n\n\n<p class=\"has-text-align-center\"><em><strong>Wandern &#8211; genie\u00dfen &#8211; zusammen sein<\/strong><\/em><\/p>\n\n\n\n<p>Vier verschiedene, abwechslungsreiche Touren rund um Oberkirchen im Schmallenberger Sauerland warten auf Sie bei den Fr\u00fchjahrswandertagen. Lassen Sie sich begeistern von unseren neuen Wanderangeboten und Aussichtspl\u00e4tzen.<\/p>\n\n\n\n<p>Die Tagestouren sind zwischen 9 und 15 Kilometer lang und f\u00fcr alle Wanderfreunde geeignet. An jedem Wandertag erhalten Sie eine leckere Mittagsmahlzeit eines heimischen Gasthofes.<\/p>\n\n\n\n<p>Am Samstag Abend treffen sich alle Wanderer an der neu gestalteten P\u00fctte zum gem\u00fctlichen Kennenlernen.<\/p>\n\n\n\n<p>Dienstag Abend wird Sie Profifotograf Klaus Peter Kappest mit einem Filmvortrag erfreuen. <\/p>\n\n\n\n<p>Zum Abschluss der Wandertage gibt es ein gemeinsames Kaffeetrinken mit leckeren Waffeln.<\/p>\n\n\n\n<p>Das Gesamtprogramm kostet 130 \u20ac pro Person und enth\u00e4lt:<\/p>\n\n\n\n<p>4\u00d7 gef\u00fchrte Wanderungen mit erfahrenen Wanderf\u00fchrern\/Wanderf\u00fchrerinnen<\/p>\n\n\n\n<p>4 x Mittagessen<\/p>\n\n\n\n<p>3 x Rahmenprogramm<\/p>\n\n\n\n<p>\u2022  Einzelne Wandertage k\u00f6nnen Sie f\u00fcr 35 \u20ac buchen<br>\u2022  Wir helfen gerne bei der Auswahl Ihrer Unterkunft.<br>\u2022  Treffpunkt ist immer \u201eSch\u00fctten Br\u00fccke&#8220; mitten im Dorf.<\/p>\n\n\n\n<p><strong>Kontakt und Buchung:<\/strong><br>Verkehrsverein Oberkirchen<br>Volker D\u00f6pp: Tel. 02975 96610 &#8211; Karl Anton Sch\u00fctte: Tel. 0172 2705641<\/p>\n\n\n\n<p>Alle sind herzlich willkommen<\/p>\n\n\n\n<hr class=\"wp-block-separator has-alpha-channel-opacity\"\/>\n\n\n\n<h1 class=\"wp-block-heading\">Gipfelkreuz auf der Hardt wird eingeweiht<\/h1>\n\n\n\n<div class=\"wp-block-media-text alignwide is-stacked-on-mobile is-vertically-aligned-top\"><figure class=\"wp-block-media-text__media\"><img loading=\"lazy\" decoding=\"async\" width=\"901\" height=\"1024\" src=\"https:\/\/sgv-oberkirchen.de\/ver_01\/wp-content\/uploads\/2022\/06\/Hardt_kreuz_01-901x1024.jpg\" alt=\"\" class=\"wp-image-507 size-full\" srcset=\"https:\/\/sgv-oberkirchen.de\/ver_01\/wp-content\/uploads\/2022\/06\/Hardt_kreuz_01-901x1024.jpg 901w, https:\/\/sgv-oberkirchen.de\/ver_01\/wp-content\/uploads\/2022\/06\/Hardt_kreuz_01-264x300.jpg 264w, https:\/\/sgv-oberkirchen.de\/ver_01\/wp-content\/uploads\/2022\/06\/Hardt_kreuz_01-768x872.jpg 768w, https:\/\/sgv-oberkirchen.de\/ver_01\/wp-content\/uploads\/2022\/06\/Hardt_kreuz_01-1352x1536.jpg 1352w, https:\/\/sgv-oberkirchen.de\/ver_01\/wp-content\/uploads\/2022\/06\/Hardt_kreuz_01-1803x2048.jpg 1803w\" sizes=\"auto, (max-width: 901px) 100vw, 901px\" \/><\/figure><div class=\"wp-block-media-text__content\">\n<p>Am letzten Sonntag im Mai wurde das neu aufgestellte Gipfelkreuz feierlich im Beisein von Wanderern aus Oberkirchen und Niedersorpe von Pastor Stipp feierlich eingeweiht &#8230;<\/p>\n<\/div><\/div>\n\n\n\n<hr class=\"wp-block-separator has-alpha-channel-opacity\"\/>\n\n\n\n<div class=\"wp-block-media-text alignwide has-media-on-the-right is-stacked-on-mobile is-vertically-aligned-top\"><div class=\"wp-block-media-text__content\">\n<p>Pastor Stipp mit Meinolf Mergheim; er hat das Gipfelkreuz gebaut, auf die Hardt gebracht und aufgestellt. Jetzt das Ziel des nach ihm benannten Meinolf Mergheim-Steigs. Hier k\u00f6nnen die Wanderer sich nach erfolgreichem Aufstieg in das neue Gipfelbuch eintragen.<\/p>\n<\/div><figure class=\"wp-block-media-text__media\"><img loading=\"lazy\" decoding=\"async\" width=\"741\" height=\"1024\" src=\"https:\/\/sgv-oberkirchen.de\/ver_01\/wp-content\/uploads\/2022\/06\/Hardt_kreuz_02-741x1024.jpg\" alt=\"\" class=\"wp-image-508 size-full\" srcset=\"https:\/\/sgv-oberkirchen.de\/ver_01\/wp-content\/uploads\/2022\/06\/Hardt_kreuz_02-741x1024.jpg 741w, https:\/\/sgv-oberkirchen.de\/ver_01\/wp-content\/uploads\/2022\/06\/Hardt_kreuz_02-217x300.jpg 217w, https:\/\/sgv-oberkirchen.de\/ver_01\/wp-content\/uploads\/2022\/06\/Hardt_kreuz_02-768x1061.jpg 768w, https:\/\/sgv-oberkirchen.de\/ver_01\/wp-content\/uploads\/2022\/06\/Hardt_kreuz_02-1111x1536.jpg 1111w, https:\/\/sgv-oberkirchen.de\/ver_01\/wp-content\/uploads\/2022\/06\/Hardt_kreuz_02-1482x2048.jpg 1482w, https:\/\/sgv-oberkirchen.de\/ver_01\/wp-content\/uploads\/2022\/06\/Hardt_kreuz_02-scaled.jpg 1852w\" sizes=\"auto, (max-width: 741px) 100vw, 741px\" \/><\/figure><\/div>\n\n\n\n<hr class=\"wp-block-separator has-alpha-channel-opacity\"\/>\n\n\n\n<div class=\"wp-block-media-text alignwide is-stacked-on-mobile is-vertically-aligned-top\"><figure class=\"wp-block-media-text__media\"><img loading=\"lazy\" decoding=\"async\" width=\"759\" height=\"1024\" src=\"https:\/\/sgv-oberkirchen.de\/ver_01\/wp-content\/uploads\/2022\/06\/Hardt_kreuz_03-759x1024.jpg\" alt=\"\" class=\"wp-image-509 size-full\" srcset=\"https:\/\/sgv-oberkirchen.de\/ver_01\/wp-content\/uploads\/2022\/06\/Hardt_kreuz_03-759x1024.jpg 759w, https:\/\/sgv-oberkirchen.de\/ver_01\/wp-content\/uploads\/2022\/06\/Hardt_kreuz_03-222x300.jpg 222w, https:\/\/sgv-oberkirchen.de\/ver_01\/wp-content\/uploads\/2022\/06\/Hardt_kreuz_03-768x1036.jpg 768w, https:\/\/sgv-oberkirchen.de\/ver_01\/wp-content\/uploads\/2022\/06\/Hardt_kreuz_03-1139x1536.jpg 1139w, https:\/\/sgv-oberkirchen.de\/ver_01\/wp-content\/uploads\/2022\/06\/Hardt_kreuz_03-1518x2048.jpg 1518w, https:\/\/sgv-oberkirchen.de\/ver_01\/wp-content\/uploads\/2022\/06\/Hardt_kreuz_03-scaled.jpg 1898w\" sizes=\"auto, (max-width: 759px) 100vw, 759px\" \/><\/figure><div class=\"wp-block-media-text__content\">\n<p>In unmittelbarer N\u00e4he befindet sich ein ebenfalls von Meinolf Mergheim restaurierter wundersch\u00f6ner Bildstock, der auch eingeweiht wurde! Der Platz l\u00e4dt mit seiner herrlichen Aussicht zum Verweilen ein.<\/p>\n<\/div><\/div>\n\n\n\n<hr class=\"wp-block-separator has-alpha-channel-opacity\"\/>\n\n\n\n<div class=\"wp-block-media-text alignwide has-media-on-the-right is-stacked-on-mobile is-vertically-aligned-top\"><div class=\"wp-block-media-text__content\">\n<p>Sowohl Oberkirchener, als auch Wanderer aus dem Sorpetal gaben der Einweihung einen festlichen Rahmen &#8230;<\/p>\n<\/div><figure class=\"wp-block-media-text__media\"><img loading=\"lazy\" decoding=\"async\" width=\"1024\" height=\"671\" src=\"https:\/\/sgv-oberkirchen.de\/ver_01\/wp-content\/uploads\/2022\/06\/Hardt_kreuz_04-1024x671.jpg\" alt=\"\" class=\"wp-image-510 size-full\" srcset=\"https:\/\/sgv-oberkirchen.de\/ver_01\/wp-content\/uploads\/2022\/06\/Hardt_kreuz_04-1024x671.jpg 1024w, https:\/\/sgv-oberkirchen.de\/ver_01\/wp-content\/uploads\/2022\/06\/Hardt_kreuz_04-300x196.jpg 300w, https:\/\/sgv-oberkirchen.de\/ver_01\/wp-content\/uploads\/2022\/06\/Hardt_kreuz_04-768x503.jpg 768w, https:\/\/sgv-oberkirchen.de\/ver_01\/wp-content\/uploads\/2022\/06\/Hardt_kreuz_04-1536x1006.jpg 1536w, https:\/\/sgv-oberkirchen.de\/ver_01\/wp-content\/uploads\/2022\/06\/Hardt_kreuz_04-2048x1341.jpg 2048w\" sizes=\"auto, (max-width: 1024px) 100vw, 1024px\" \/><\/figure><\/div>\n\n\n\n<hr class=\"wp-block-separator has-alpha-channel-opacity\"\/>\n\n\n\n<h1 class=\"wp-block-heading\">Fotostelen f\u00fcr die Fotoroute O2 wurden aufgestellt &#8230;<\/h1>\n\n\n\n<div class=\"wp-block-media-text alignwide is-stacked-on-mobile is-vertically-aligned-top\"><figure class=\"wp-block-media-text__media\"><img loading=\"lazy\" decoding=\"async\" width=\"1024\" height=\"769\" src=\"https:\/\/sgv-oberkirchen.de\/ver_01\/wp-content\/uploads\/2021\/12\/Fotoroute_Stelen01-1024x769.jpg\" alt=\"\" class=\"wp-image-444 size-full\" srcset=\"https:\/\/sgv-oberkirchen.de\/ver_01\/wp-content\/uploads\/2021\/12\/Fotoroute_Stelen01-1024x769.jpg 1024w, https:\/\/sgv-oberkirchen.de\/ver_01\/wp-content\/uploads\/2021\/12\/Fotoroute_Stelen01-300x225.jpg 300w, https:\/\/sgv-oberkirchen.de\/ver_01\/wp-content\/uploads\/2021\/12\/Fotoroute_Stelen01-768x577.jpg 768w, https:\/\/sgv-oberkirchen.de\/ver_01\/wp-content\/uploads\/2021\/12\/Fotoroute_Stelen01-1536x1153.jpg 1536w, https:\/\/sgv-oberkirchen.de\/ver_01\/wp-content\/uploads\/2021\/12\/Fotoroute_Stelen01-2048x1538.jpg 2048w\" sizes=\"auto, (max-width: 1024px) 100vw, 1024px\" \/><\/figure><div class=\"wp-block-media-text__content\">\n<p>Fotoroute Station 2 vor der Kirche<\/p>\n\n\n\n<p class=\"has-text-align-left\">Am letzten Samstag im Oktober gab es einen Arbeitseinsatz. Es wurden bis auf 3 alle Stelen aufgestellt. Hier die Station 11 vor der Kirche. K.A. Sch\u00fctte, Franz Schauerte und Andre Mergheim im Arbeitseinsatz.<\/p>\n<\/div><\/div>\n\n\n\n<hr class=\"wp-block-separator has-css-opacity\"\/>\n\n\n\n<div class=\"wp-block-media-text alignwide has-media-on-the-right is-stacked-on-mobile is-vertically-aligned-top\"><div class=\"wp-block-media-text__content\">\n<p>Fotoroute Station 2 Wennings Blumengarten.<\/p>\n\n\n\n<p>Mit einem Spezialbohrer wird jeweils das Loch f\u00fcr die Stelen gegraben.<\/p>\n<\/div><figure class=\"wp-block-media-text__media\"><img loading=\"lazy\" decoding=\"async\" width=\"769\" height=\"1024\" src=\"https:\/\/sgv-oberkirchen.de\/ver_01\/wp-content\/uploads\/2021\/12\/Fotoroute_Stelen02-769x1024.jpg\" alt=\"\" class=\"wp-image-445 size-full\" srcset=\"https:\/\/sgv-oberkirchen.de\/ver_01\/wp-content\/uploads\/2021\/12\/Fotoroute_Stelen02-769x1024.jpg 769w, https:\/\/sgv-oberkirchen.de\/ver_01\/wp-content\/uploads\/2021\/12\/Fotoroute_Stelen02-225x300.jpg 225w, https:\/\/sgv-oberkirchen.de\/ver_01\/wp-content\/uploads\/2021\/12\/Fotoroute_Stelen02-768x1023.jpg 768w, https:\/\/sgv-oberkirchen.de\/ver_01\/wp-content\/uploads\/2021\/12\/Fotoroute_Stelen02-1153x1536.jpg 1153w, https:\/\/sgv-oberkirchen.de\/ver_01\/wp-content\/uploads\/2021\/12\/Fotoroute_Stelen02-1538x2048.jpg 1538w, https:\/\/sgv-oberkirchen.de\/ver_01\/wp-content\/uploads\/2021\/12\/Fotoroute_Stelen02-scaled.jpg 1922w\" sizes=\"auto, (max-width: 769px) 100vw, 769px\" \/><\/figure><\/div>\n\n\n\n<hr class=\"wp-block-separator has-css-opacity\"\/>\n\n\n\n<div class=\"wp-block-media-text alignwide is-stacked-on-mobile is-vertically-aligned-top\"><figure class=\"wp-block-media-text__media\"><img loading=\"lazy\" decoding=\"async\" width=\"769\" height=\"1024\" src=\"https:\/\/sgv-oberkirchen.de\/ver_01\/wp-content\/uploads\/2021\/12\/Fotoroute_Stelen03-769x1024.jpg\" alt=\"\" class=\"wp-image-446 size-full\" srcset=\"https:\/\/sgv-oberkirchen.de\/ver_01\/wp-content\/uploads\/2021\/12\/Fotoroute_Stelen03-769x1024.jpg 769w, https:\/\/sgv-oberkirchen.de\/ver_01\/wp-content\/uploads\/2021\/12\/Fotoroute_Stelen03-225x300.jpg 225w, https:\/\/sgv-oberkirchen.de\/ver_01\/wp-content\/uploads\/2021\/12\/Fotoroute_Stelen03-768x1023.jpg 768w, https:\/\/sgv-oberkirchen.de\/ver_01\/wp-content\/uploads\/2021\/12\/Fotoroute_Stelen03-1153x1536.jpg 1153w, https:\/\/sgv-oberkirchen.de\/ver_01\/wp-content\/uploads\/2021\/12\/Fotoroute_Stelen03-1538x2048.jpg 1538w, https:\/\/sgv-oberkirchen.de\/ver_01\/wp-content\/uploads\/2021\/12\/Fotoroute_Stelen03-scaled.jpg 1922w\" sizes=\"auto, (max-width: 769px) 100vw, 769px\" \/><\/figure><div class=\"wp-block-media-text__content\">\n<p>Fotoroute Station 1<\/p>\n\n\n\n<p>Ausgangspunkt am Parkplatz. Franz Schauerte, Harald Clemens und Ulrich Sch\u00fctte bei der Arbeit<\/p>\n<\/div><\/div>\n\n\n\n<hr class=\"wp-block-separator has-css-opacity\"\/>\n\n\n\n<h1 class=\"wp-block-heading\">Kartoffelbraten an der P\u00fctte<\/h1>\n\n\n\n<div class=\"wp-block-media-text alignwide is-stacked-on-mobile\"><figure class=\"wp-block-media-text__media\"><img loading=\"lazy\" decoding=\"async\" width=\"1024\" height=\"473\" src=\"https:\/\/sgv-oberkirchen.de\/ver_01\/wp-content\/uploads\/2021\/12\/Kartoffel2021_01-1024x473.jpg\" alt=\"\" class=\"wp-image-447 size-full\" srcset=\"https:\/\/sgv-oberkirchen.de\/ver_01\/wp-content\/uploads\/2021\/12\/Kartoffel2021_01-1024x473.jpg 1024w, https:\/\/sgv-oberkirchen.de\/ver_01\/wp-content\/uploads\/2021\/12\/Kartoffel2021_01-300x138.jpg 300w, https:\/\/sgv-oberkirchen.de\/ver_01\/wp-content\/uploads\/2021\/12\/Kartoffel2021_01-768x354.jpg 768w, https:\/\/sgv-oberkirchen.de\/ver_01\/wp-content\/uploads\/2021\/12\/Kartoffel2021_01-1536x709.jpg 1536w, https:\/\/sgv-oberkirchen.de\/ver_01\/wp-content\/uploads\/2021\/12\/Kartoffel2021_01-2048x945.jpg 2048w\" sizes=\"auto, (max-width: 1024px) 100vw, 1024px\" \/><\/figure><div class=\"wp-block-media-text__content\">\n<p>Am 21. September fand nach 7 erfolglosen Jahren endlich mal wieder das Kartoffelbraten statt.<\/p>\n\n\n\n<p>So wird das Buchholz gestapelt und mit Holzschnitt als Feuer-Anmacher gef\u00fcllt.<\/p>\n<\/div><\/div>\n\n\n\n<hr class=\"wp-block-separator has-alpha-channel-opacity\"\/>\n\n\n\n<div class=\"wp-block-media-text alignwide has-media-on-the-right is-stacked-on-mobile\"><div class=\"wp-block-media-text__content\">\n<p>Andr\u00e9 gibt noch einige Holzsp\u00e4ne dazu.<\/p>\n<\/div><figure class=\"wp-block-media-text__media\"><img loading=\"lazy\" decoding=\"async\" width=\"1024\" height=\"473\" src=\"https:\/\/sgv-oberkirchen.de\/ver_01\/wp-content\/uploads\/2021\/12\/Kartoffel2021_02-1024x473.jpg\" alt=\"\" class=\"wp-image-448 size-full\" srcset=\"https:\/\/sgv-oberkirchen.de\/ver_01\/wp-content\/uploads\/2021\/12\/Kartoffel2021_02-1024x473.jpg 1024w, https:\/\/sgv-oberkirchen.de\/ver_01\/wp-content\/uploads\/2021\/12\/Kartoffel2021_02-300x138.jpg 300w, https:\/\/sgv-oberkirchen.de\/ver_01\/wp-content\/uploads\/2021\/12\/Kartoffel2021_02-768x354.jpg 768w, https:\/\/sgv-oberkirchen.de\/ver_01\/wp-content\/uploads\/2021\/12\/Kartoffel2021_02-1536x709.jpg 1536w, https:\/\/sgv-oberkirchen.de\/ver_01\/wp-content\/uploads\/2021\/12\/Kartoffel2021_02-2048x945.jpg 2048w\" sizes=\"auto, (max-width: 1024px) 100vw, 1024px\" \/><\/figure><\/div>\n\n\n\n<hr class=\"wp-block-separator has-alpha-channel-opacity\"\/>\n\n\n\n<div class=\"wp-block-media-text alignwide is-stacked-on-mobile\"><figure class=\"wp-block-media-text__media\"><img loading=\"lazy\" decoding=\"async\" width=\"1024\" height=\"473\" src=\"https:\/\/sgv-oberkirchen.de\/ver_01\/wp-content\/uploads\/2021\/12\/Kartoffel2021_03-1024x473.jpg\" alt=\"\" class=\"wp-image-449 size-full\" srcset=\"https:\/\/sgv-oberkirchen.de\/ver_01\/wp-content\/uploads\/2021\/12\/Kartoffel2021_03-1024x473.jpg 1024w, https:\/\/sgv-oberkirchen.de\/ver_01\/wp-content\/uploads\/2021\/12\/Kartoffel2021_03-300x138.jpg 300w, https:\/\/sgv-oberkirchen.de\/ver_01\/wp-content\/uploads\/2021\/12\/Kartoffel2021_03-768x354.jpg 768w, https:\/\/sgv-oberkirchen.de\/ver_01\/wp-content\/uploads\/2021\/12\/Kartoffel2021_03-1536x709.jpg 1536w, https:\/\/sgv-oberkirchen.de\/ver_01\/wp-content\/uploads\/2021\/12\/Kartoffel2021_03-2048x945.jpg 2048w\" sizes=\"auto, (max-width: 1024px) 100vw, 1024px\" \/><\/figure><div class=\"wp-block-media-text__content\">\n<p>Das Feuer wird gelegt und nun weiter Holz gestapelt.<\/p>\n<\/div><\/div>\n\n\n\n<hr class=\"wp-block-separator has-alpha-channel-opacity\"\/>\n\n\n\n<div class=\"wp-block-media-text alignwide has-media-on-the-right is-stacked-on-mobile\"><div class=\"wp-block-media-text__content\">\n<p>Nun noch einige Meterstangen vertikal an den Stapel gelehnt.<\/p>\n<\/div><figure class=\"wp-block-media-text__media\"><img loading=\"lazy\" decoding=\"async\" width=\"1024\" height=\"473\" src=\"https:\/\/sgv-oberkirchen.de\/ver_01\/wp-content\/uploads\/2021\/12\/Kartoffel2021_04-1024x473.jpg\" alt=\"\" class=\"wp-image-450 size-full\" srcset=\"https:\/\/sgv-oberkirchen.de\/ver_01\/wp-content\/uploads\/2021\/12\/Kartoffel2021_04-1024x473.jpg 1024w, https:\/\/sgv-oberkirchen.de\/ver_01\/wp-content\/uploads\/2021\/12\/Kartoffel2021_04-300x138.jpg 300w, https:\/\/sgv-oberkirchen.de\/ver_01\/wp-content\/uploads\/2021\/12\/Kartoffel2021_04-768x354.jpg 768w, https:\/\/sgv-oberkirchen.de\/ver_01\/wp-content\/uploads\/2021\/12\/Kartoffel2021_04-1536x709.jpg 1536w, https:\/\/sgv-oberkirchen.de\/ver_01\/wp-content\/uploads\/2021\/12\/Kartoffel2021_04-2048x945.jpg 2048w\" sizes=\"auto, (max-width: 1024px) 100vw, 1024px\" \/><\/figure><\/div>\n\n\n\n<hr class=\"wp-block-separator has-alpha-channel-opacity\"\/>\n\n\n\n<div class=\"wp-block-media-text alignwide is-stacked-on-mobile\"><figure class=\"wp-block-media-text__media\"><img loading=\"lazy\" decoding=\"async\" width=\"1024\" height=\"473\" src=\"https:\/\/sgv-oberkirchen.de\/ver_01\/wp-content\/uploads\/2021\/12\/Kartoffel2021_05-1024x473.jpg\" alt=\"\" class=\"wp-image-451 size-full\" srcset=\"https:\/\/sgv-oberkirchen.de\/ver_01\/wp-content\/uploads\/2021\/12\/Kartoffel2021_05-1024x473.jpg 1024w, https:\/\/sgv-oberkirchen.de\/ver_01\/wp-content\/uploads\/2021\/12\/Kartoffel2021_05-300x138.jpg 300w, https:\/\/sgv-oberkirchen.de\/ver_01\/wp-content\/uploads\/2021\/12\/Kartoffel2021_05-768x354.jpg 768w, https:\/\/sgv-oberkirchen.de\/ver_01\/wp-content\/uploads\/2021\/12\/Kartoffel2021_05-1536x709.jpg 1536w, https:\/\/sgv-oberkirchen.de\/ver_01\/wp-content\/uploads\/2021\/12\/Kartoffel2021_05-2048x945.jpg 2048w\" sizes=\"auto, (max-width: 1024px) 100vw, 1024px\" \/><\/figure><div class=\"wp-block-media-text__content\">\n<p>Das frische Buchenholz ist nun nach 6 Stunden runter gebrannt, so dass wertvolle Holzkohle daraus geworden ist. Nun kommen die Kartoffeln ins Feuer &#8230;<\/p>\n<\/div><\/div>\n\n\n\n<hr class=\"wp-block-separator has-alpha-channel-opacity\"\/>\n","protected":false},"excerpt":{"rendered":"<p>E-Bike Training Am Freitag, 29.5.26 , findet von 14 bis 17 Uhr ein E-Bike Training an der Grundschule in Oberkirchen statt. Frau Matthweis von der Polizei HSK leitet das Training mit einem Kollegen. Es sind Neueinsteiger und erfahrene Interessierte, Einheimische und G\u00e4ste eingeladen. Bitte ein eigenes EBike und einen Helm mitbringen. Eine Anmeldung ist nicht [&hellip;]<\/p>\n","protected":false},"author":1,"featured_media":0,"parent":0,"menu_order":0,"comment_status":"closed","ping_status":"closed","template":"","meta":{"footnotes":""},"class_list":["post-71","page","type-page","status-publish","hentry","post"],"_links":{"self":[{"href":"https:\/\/sgv-oberkirchen.de\/ver_01\/wp-json\/wp\/v2\/pages\/71","targetHints":{"allow":["GET"]}}],"collection":[{"href":"https:\/\/sgv-oberkirchen.de\/ver_01\/wp-json\/wp\/v2\/pages"}],"about":[{"href":"https:\/\/sgv-oberkirchen.de\/ver_01\/wp-json\/wp\/v2\/types\/page"}],"author":[{"embeddable":true,"href":"https:\/\/sgv-oberkirchen.de\/ver_01\/wp-json\/wp\/v2\/users\/1"}],"replies":[{"embeddable":true,"href":"https:\/\/sgv-oberkirchen.de\/ver_01\/wp-json\/wp\/v2\/comments?post=71"}],"version-history":[{"count":85,"href":"https:\/\/sgv-oberkirchen.de\/ver_01\/wp-json\/wp\/v2\/pages\/71\/revisions"}],"predecessor-version":[{"id":840,"href":"https:\/\/sgv-oberkirchen.de\/ver_01\/wp-json\/wp\/v2\/pages\/71\/revisions\/840"}],"wp:attachment":[{"href":"https:\/\/sgv-oberkirchen.de\/ver_01\/wp-json\/wp\/v2\/media?parent=71"}],"curies":[{"name":"wp","href":"https:\/\/api.w.org\/{rel}","templated":true}]}}